{"id":370,"date":"2022-05-30T13:56:58","date_gmt":"2022-05-30T11:56:58","guid":{"rendered":"http:\/\/www.palafrugellplus.com\/?page_id=370"},"modified":"2025-12-23T12:13:24","modified_gmt":"2025-12-23T11:13:24","slug":"politica-de-privacitat","status":"publish","type":"page","link":"https:\/\/plus.palafrugell.cat\/en\/politica-de-privacitat\/","title":{"rendered":"Privacy policy"},"content":{"rendered":"<div data-elementor-type=\"wp-page\" data-elementor-id=\"370\" class=\"elementor elementor-370\" data-elementor-post-type=\"page\">\n\t\t\t\t<div class=\"elementor-element elementor-element-8e34f79 e-flex e-con-boxed e-con e-parent\" data-id=\"8e34f79\" data-element_type=\"container\">\n\t\t\t\t\t<div class=\"e-con-inner\">\n\t\t\t\t<div class=\"elementor-element elementor-element-f553548 elementor-widget__width-initial elementor-widget elementor-widget-text-editor\" data-id=\"f553548\" data-element_type=\"widget\" data-no-translation=\"\" data-widget_type=\"text-editor.default\">\n\t\t\t\t<div class=\"elementor-widget-container\">\n\t\t\t\t\t<style>.elementor-element-f553548{display:none !important}<\/style>\t\t\t\t<\/div>\n\t\t\t\t<\/div>\n\t\t\t\t<div class=\"elementor-element elementor-element-e997512 elementor-widget__width-initial elementor-widget elementor-widget-text-editor\" data-id=\"e997512\" data-element_type=\"widget\" data-no-translation=\"\" data-widget_type=\"text-editor.default\">\n\t\t\t\t<div class=\"elementor-widget-container\">\n\t\t\t\t\t<style>.elementor-element-e997512{display:none !important}<\/style>\t\t\t\t<\/div>\n\t\t\t\t<\/div>\n\t\t\t\t<div class=\"elementor-element elementor-element-b8b94b4 elementor-widget__width-initial elementor-widget elementor-widget-text-editor\" data-id=\"b8b94b4\" data-element_type=\"widget\" data-no-translation=\"\" data-widget_type=\"text-editor.default\">\n\t\t\t\t<div class=\"elementor-widget-container\">\n\t\t\t\t\t\t\t\t\t<h4 class=\"uk-h1\"><strong>Data protection policy\u00a0<\/strong><\/h4><p>This is the data protection policy of the Institute for Economic Promotion of Palafrugell.\u00a0Refers to the data of individuals associated with those in the exercise of its powers and functions.\u00a0Given the functions of the the Institute for Economic Promotion of Palafrugell some treatments are the result of the provision of services to other government functions delegated to it.\u00a0The treatment is carried out in compliance with the General Data Protection Regulation (Regulation (EU) 2016\/679 of \u00a0European Parliament and of the Council of 27 April 2016, and the state regulations on this matter.<\/p><h4><strong>Who is responsible for the processing of personal data?<\/strong><\/h4><p>The person responsible for the processing of personal data is Palafrugell City Council (hereinafter, the City Council), with CIF P1712400I and address at Cervantes Street, 16, Palafrugell (CP 17200), telephone 972613100, email address <a href=\"mailto:ajuntament@palafrugell.cat\">ajuntament@palafrugell.cat<\/a>, and web address <a href=\"http:\/\/www.palafrugell.cat\/\">www.palafrugell.cat<\/a>.<\/p><h4><strong>By what criteria do we treat personal data\u00a0<\/strong><\/h4><p>In the processing of data we fully assume the principles of the General Data Protection Regulation.<\/p><ol><li>We treat them lawfully (only when we have a legal basis that allows us to do so and with transparency before the interested party).<\/li><li>We use them for specific, explicit and legitimate purposes that we explain when we obtain them. Subsequently, we do not treat them in a manner incompatible with these purposes.<\/li><li>We process only the appropriate data, relevant and limited to what is necessary in each case and for each purpose.<\/li><li>We strive to keep the data up to date.<\/li><li>We keep them for the necessary time, complying with the regulations governing the preservation of public information.<\/li><li>We apply appropriate technical or organizational measures to prevent unauthorized or unlawful treatment, or its accidental loss, destruction, or damage.<\/li><\/ol><h4><strong>Who is the Data Protection Officer<\/strong><\/h4><p>The Data Protection Officer (DPD) is the person who supervises compliance with the data protection policy of Palafrugell City Council, ensuring that personal data is properly processed and the rights of individuals are protected. Its functions include answering any questions, suggestions, complaints or grievances from the people whose data is being processed. You can contact the Data Protection Delegate by writing to Cervantes Street, 16, Palafrugell (CP 17200) or to the email address <a href=\"mailto:secretaria@palafrugell.cat\">secretaria@palafrugell.cat<\/a>.<\/p><h4><strong>For what purpose do we process the data and to whom do we communicate it\u00a0<\/strong><\/h4><p>The City Council processes the data to exercise its powers and functions. The City Council\u2019s services are described on its website and in its electronic headquarters. A complete description of the treatments and the purposes for which the data is intended can be found in\u00a0<a href=\"https:\/\/seu.palafrugell.cat\/informacio-municipal?task=callelement&amp;format=raw&amp;item_id=1137&amp;element=60226a91-1b88-42e9-867a-768a499dcc0a&amp;method=download&amp;args%5b0%5d=0\">Registration treatment activities of the City<\/a><strong>.\u00a0<\/strong><\/p><h4><strong>Registration<\/strong><\/h4><p>The inhabitants of the municipality must appear in the census of inhabitants. At the City Council we carry out the necessary procedures to keep it up to date based on the information provided by the interested parties and by ex officio actions of our services. The census data are used to prove residence in the municipality, know the address for notification purposes, perform statistics, form the electoral census and other purposes established in the Law of Bases of Local Regime and other regulations governing the census. The communication of census data is limited to cases authorized by the regulations that provide, among other cases, for communication to other administrations when it is necessary to know the address of a citizen in the context of an administrative procedure.<\/p><h4><strong>Administrative procedures and formalities<\/strong><\/h4><p>Based on the requests of the interested parties, we use their data to follow the processing of each procedure.\u00a0The catalog of procedures and the procedure followed can be consulted in the\u00a0<a href=\"https:\/\/seu.palafrugell.cat\/tramits\">electronic<\/a>.\u00a0Depending on the procedure, the data may be communicated to other competent administrations in the matter.\u00a0In some cases they must be published in compliance with the principle of transparency.<\/p><h4><strong>Tax management and collection<\/strong><\/h4><p>The management of taxes and the collection of other public law revenues involves the processing of a significant volume of personal data, data that is processed continuously and that sometimes comes from other administrations. They are treated solely for this purpose. Always following the regulations, the data can be communicated to other administrations. In some cases they must be published for notification purposes. In the case of the City Council, these actions have been delegated to the Tax Management Body of the Girona Provincial Council.<\/p><h4><strong>Services<\/strong><\/h4><p>For the provision of services we process the data provided by the beneficiaries or those we have obtained from other administrations.\u00a0Offering these services often involves tracking them and obtaining new data from people who use them.\u00a0The catalog of services can be consulted in the\u00a0<a href=\"https:\/\/seu.palafrugell.cat\/tramits\/dades-interoperables\">electronic<\/a>.\u00a0As a general rule do not communicate the information to others without the explicit consent of the service user.<\/p><h4><strong>Activities<\/strong><\/h4><p>In the organization of cultural, recreational, educational or sporting receive data from people they unroll, in order to organize the activity.\u00a0As a general rule do not communicate the information to others without the explicit consent of the person involved in the activity.<\/p><h4><strong>Contact<\/strong><\/h4><p>We take care of queries from people who use the contact forms on our website.\u00a0The data is used for this purpose only and is not communicated to other people.<\/p><h4><strong>Staff selection<\/strong><\/h4><p>We receive resumes and convene staff selection processes. The data provided by the interested parties make it possible to evaluate the merits and analyze the adequacy of the profile of the candidates according to the vacancies or newly created. They do not communicate to other people.<\/p><h4><strong>Sending information<\/strong><\/h4><p>With the explicit permission of each person we use the contact details you have provided to inform us of our initiatives, services or activities. We do this through different channels depending on how each person has authorized it. They are not communicated to other people without their consent.<\/p><h4><strong>Management of data from our suppliers\u00a0<\/strong><\/h4><p>We record and process the data of the suppliers from whom we obtain services or goods. They can be the data of people who act as self-employed and also data of representatives of legal persons. We obtain the data necessary to maintain the business relationship and use them solely for this purpose. In compliance with legal obligations (tax regulations) we communicate data to the tax administration.<\/p><h4><strong>Video surveillance<\/strong><\/h4><p>Access to our facilities is reported, where applicable, of the existence of video surveillance cameras using approved signs. The cameras record images only of the points where it is justified to ensure the safety of property and people. Images are used for this purpose only. Images of the public road are also recorded in support of traffic actions and for reasons of public safety and to ensure compliance with the ordinances. The location of these cameras can be found in the appendix at the bottom of this page. The images are intended exclusively for these purposes. In justified cases, we communicate the data to the security bodies or forces or to the competent judicial bodies.<\/p><h4><strong>What is the legal legitimacy for the processing of data<\/strong><\/h4><p>The data processing we carry out has different legal bases, depending on the nature of each processing.<\/p><h4><strong>Compliance with legal obligations\u00a0<\/strong><\/h4><p>The processing of data in the context of administrative procedures is carried out in accordance with the rules governing each of the procedures. It is carried out in compliance with legal obligations.<\/p><h4><strong>Fulfill mission in public interest<\/strong><\/h4><p>The treatments resulting from the provision of our services have their justification in satisfying the public interest. Also the images we get with the video surveillance cameras are treated to preserve the public interest.<\/p><h4><strong>Compliance with a contractual or pre-contractual relationship\u00a0<\/strong><\/h4><p>We process the data of our suppliers following the regulations of the public sector, in the degree and with the necessary scope for the development of the contractual relationship. In another sense, but also in the framework of contractual or pre-contractual relations, we process data on people who participate in selection processes or who join our institution.<\/p><h4><strong>Based on consent\u00a0<\/strong><\/h4><p>When we send information about our initiatives, services or activities, we process the contact details of the recipients with their explicit authorization or consent.<\/p><h4><strong>How long we keep the data\u00a0<\/strong><\/h4><p>The retention time of the data is determined by different factors, mainly the fact that the data are still necessary to meet the purposes for which they were collected in each case. Secondly, they are retained to deal with possible responsibilities for the processing of data by the City Council, and to meet any requirements of other public administrations or judicial bodies.<\/p><p>Consequently, the data must be kept for the time necessary to preserve their legal or informative value or to prove compliance with legal obligations, but not for a longer period than necessary in accordance with the purposes of the processing.<\/p><p>In certain cases, such as the data contained in the accounting documentation and invoicing, the tax regulations require them to be kept until they prescribe the responsibilities in this matter.<\/p><p>In the case of data that is processed exclusively on the basis of the consent of the person concerned, it is kept until that person revokes that consent.<\/p><p>Finally, in the case of images obtained by video surveillance cameras, they are kept for a maximum of one month, although in the case of incidents that justify this, the time necessary to facilitate the actions of the security forces is retained. or of the judicial organs.<\/p><p>The regulations governing the conservation of public documentation, and the opinions of the National Commission for Access, Evaluation and Documentary Selection are a benchmark that determine the criteria we follow in the conservation or disposal of data.<\/p><h4><strong>What rights do people have in relation to the data we process<\/strong><\/h4><p>As provided for in the General Data Protection Regulations, the persons from whom we process data have the following rights:<\/p><p>To know if they are treated.\u00a0Anyone has, in the first place, the right to know whether we process their data, regardless of whether a previous relationship has existed.<\/p><p>To be informed in the collection.\u00a0When personal data is obtained from the same person concerned, at the time of providing it must have clear information of the purposes for which it will be used, who will be responsible for the processing and the main aspects arising from this processing.<\/p><p>To access it.\u00a0A very broad right that includes knowing exactly what personal data are being processed, what the purpose is for which they are processed, communications to other people that will be made (if any) or the right to obtain them. ne copy or know the expected shelf life.<\/p><p>To request rectification.\u00a0It is the right to rectify inaccurate data that is processed by us.<\/p><p>To request its deletion.\u00a0In certain circumstances, there is the right to request the deletion of the data when, among other reasons, they are no longer necessary for the purposes for which they were collected and justified their processing.<\/p><p>To request the limitation of the treatment.\u00a0Also in certain circumstances the right to request the limitation of data processing is recognized.\u00a0In this case they will no longer be processed and will only be kept for the exercise or defense of claims, in accordance with the General Data Protection Regulations.<\/p><p>To portability.\u00a0In the cases provided for in the regulations, the right to obtain one\u2019s own personal data in a structured machine-readable common format is recognized, and to transmit them to another data controller if the person concerned so decides.<\/p><p>To oppose treatment.\u00a0A person may adduce reasons related to their particular situation, reasons that will lead to the cessation of processing of their data to the extent or to the extent that it may cause harm, except for legitimate reasons or the exercise or defense against claims.<\/p><p>Not to receive information.\u00a0We immediately respond to requests not to continue receiving information about our activities and services, when these submissions were based solely on the consent of the recipient.<\/p><h4><strong>How rights can be exercised or defended<\/strong><\/h4><p><span class=\"goog-text-highlight\">The rights we have just listed can be exercised by sending a request to the City Council at the postal address or other contact details indicated in the heading.<\/span><\/p><p>If a satisfactory response has not been obtained in the exercise of the rights, it is possible to submit a complaint to the Catalan Data Protection Authority, through the forms or other channels accessible from its website (<a href=\"http:\/\/www.apdcat.cat\/\" target=\"_blank\" rel=\"noopener\">www.apdcat.cat<\/a>).<\/p><p>In all cases, whether to submit complaints, request clarifications or send suggestions, it is possible to contact the Data Protection Officer by e-mail at\u00a0<span id=\"cloak5e045ed8ef0f9bb087e71733c13aa027\"><a href=\"mailto:secretaria@palafrugell.cat\">secretaria@palafrugell.cat<\/a><\/span>.<\/p><h4><strong>Annex.\u00a0Location of surveillance cameras<\/strong><\/h4><ul><li>Local Police Building<\/li><li>Can Mario Square<\/li><li>municipal waste<\/li><li>Building Can Bech<\/li><li>Citizen Advice Bureau (OAC)<\/li><li>Municipal pool<\/li><li>Light Llofriu<\/li><li>Tourist Office Palafrugell<\/li><li>Access street Chopitea Calella<\/li><li>Access Street Charity<\/li><li>Access Street Concord<\/li><li>Access walk Cipselo Llafranc<\/li><li>Lighthouse of San Sebastian<\/li><\/ul>\t\t\t\t\t\t\t\t<\/div>\n\t\t\t\t<\/div>\n\t\t\t\t<div class=\"elementor-element elementor-element-8c23a1b elementor-widget__width-initial elementor-widget elementor-widget-text-editor\" data-id=\"8c23a1b\" data-element_type=\"widget\" data-no-translation=\"\" data-widget_type=\"text-editor.default\">\n\t\t\t\t<div class=\"elementor-widget-container\">\n\t\t\t\t\t<style>.elementor-element-8c23a1b{display:none !important}<\/style>\t\t\t\t<\/div>\n\t\t\t\t<\/div>\n\t\t\t\t\t<\/div>\n\t\t\t\t<\/div>\n\t\t\t\t<\/div>","protected":false},"excerpt":{"rendered":"<p>Pol\u00edtica de protecci\u00f3 de dades Aquesta \u00e9s la pol\u00edtica de protecci\u00f3 de dades de l\u2019Institut de Promoci\u00f3 Econ\u00f2mica de Palafrugell (IPEP), organisme aut\u00f2nom creat per l\u2019Ajuntament de Palafrugell. Fa refer\u00e8ncia a les dades de persones f\u00edsiques amb les que es relaciona en l\u2019exercici de les seves compet\u00e8ncies i funcions. Ateses les funcions de l\u2019IPEP alguns [&hellip;]<\/p>","protected":false},"author":1,"featured_media":0,"parent":0,"menu_order":0,"comment_status":"closed","ping_status":"closed","template":"","meta":{"footnotes":""},"class_list":["post-370","page","type-page","status-publish","hentry"],"yoast_head":"<!-- This site is optimized with the Yoast SEO Premium plugin v21.5 (Yoast SEO v26.8) - https:\/\/yoast.com\/product\/yoast-seo-premium-wordpress\/ -->\n<title>Pol\u00edtica de privacitat - Palafrugell Plus<\/title>\n<meta name=\"description\" content=\"Pol\u00edtica de privacitat\" \/>\n<meta name=\"robots\" content=\"index, follow, max-snippet:-1, max-image-preview:large, max-video-preview:-1\" \/>\n<link rel=\"canonical\" href=\"https:\/\/plus.palafrugell.cat\/en\/politica-de-privacitat\/\" \/>\n<meta property=\"og:locale\" content=\"en_GB\" \/>\n<meta property=\"og:type\" content=\"article\" \/>\n<meta property=\"og:title\" content=\"Pol\u00edtica de privacitat\" \/>\n<meta property=\"og:description\" content=\"Pol\u00edtica de privacitat\" \/>\n<meta property=\"og:url\" content=\"https:\/\/plus.palafrugell.cat\/en\/politica-de-privacitat\/\" \/>\n<meta property=\"og:site_name\" content=\"Palafrugell Plus\" \/>\n<meta property=\"article:modified_time\" content=\"2025-12-23T11:13:24+00:00\" \/>\n<meta name=\"twitter:card\" content=\"summary_large_image\" \/>\n<meta name=\"twitter:label1\" content=\"Estimated reading time\" \/>\n\t<meta name=\"twitter:data1\" content=\"47 minutes\" \/>\n<script type=\"application\/ld+json\" class=\"yoast-schema-graph\">{\"@context\":\"https:\/\/schema.org\",\"@graph\":[{\"@type\":\"WebPage\",\"@id\":\"https:\/\/plus.palafrugell.cat\/politica-de-privacitat\/\",\"url\":\"https:\/\/plus.palafrugell.cat\/politica-de-privacitat\/\",\"name\":\"Pol\u00edtica de privacitat - Palafrugell Plus\",\"isPartOf\":{\"@id\":\"https:\/\/plus.palafrugell.cat\/#website\"},\"datePublished\":\"2022-05-30T11:56:58+00:00\",\"dateModified\":\"2025-12-23T11:13:24+00:00\",\"description\":\"Pol\u00edtica de privacitat\",\"breadcrumb\":{\"@id\":\"https:\/\/plus.palafrugell.cat\/politica-de-privacitat\/#breadcrumb\"},\"inLanguage\":\"en-GB\",\"potentialAction\":[{\"@type\":\"ReadAction\",\"target\":[\"https:\/\/plus.palafrugell.cat\/politica-de-privacitat\/\"]}]},{\"@type\":\"BreadcrumbList\",\"@id\":\"https:\/\/plus.palafrugell.cat\/politica-de-privacitat\/#breadcrumb\",\"itemListElement\":[{\"@type\":\"ListItem\",\"position\":1,\"name\":\"Home\",\"item\":\"https:\/\/plus.palafrugell.cat\/\"},{\"@type\":\"ListItem\",\"position\":2,\"name\":\"Pol\u00edtica de privacitat\"}]},{\"@type\":\"WebSite\",\"@id\":\"https:\/\/plus.palafrugell.cat\/#website\",\"url\":\"https:\/\/plus.palafrugell.cat\/\",\"name\":\"Palafrugell Plus\",\"description\":\"Viu experi\u00e8ncies culturals \u00faniques\",\"publisher\":{\"@id\":\"https:\/\/plus.palafrugell.cat\/#organization\"},\"potentialAction\":[{\"@type\":\"SearchAction\",\"target\":{\"@type\":\"EntryPoint\",\"urlTemplate\":\"https:\/\/plus.palafrugell.cat\/?s={search_term_string}\"},\"query-input\":{\"@type\":\"PropertyValueSpecification\",\"valueRequired\":true,\"valueName\":\"search_term_string\"}}],\"inLanguage\":\"en-GB\"},{\"@type\":\"Organization\",\"@id\":\"https:\/\/plus.palafrugell.cat\/#organization\",\"name\":\"Palafrugell+\",\"url\":\"https:\/\/plus.palafrugell.cat\/\",\"logo\":{\"@type\":\"ImageObject\",\"inLanguage\":\"en-GB\",\"@id\":\"https:\/\/plus.palafrugell.cat\/#\/schema\/logo\/image\/\",\"url\":\"http:\/\/plus.palafrugell.cat\/wp-content\/uploads\/2022\/05\/logo-fons-09.svg\",\"contentUrl\":\"http:\/\/plus.palafrugell.cat\/wp-content\/uploads\/2022\/05\/logo-fons-09.svg\",\"width\":1,\"height\":1,\"caption\":\"Palafrugell+\"},\"image\":{\"@id\":\"https:\/\/plus.palafrugell.cat\/#\/schema\/logo\/image\/\"}}]}<\/script>\n<!-- \/ Yoast SEO Premium plugin. -->","yoast_head_json":{"title":"Pol\u00edtica de privacitat - Palafrugell Plus","description":"Pol\u00edtica de privacitat","robots":{"index":"index","follow":"follow","max-snippet":"max-snippet:-1","max-image-preview":"max-image-preview:large","max-video-preview":"max-video-preview:-1"},"canonical":"https:\/\/plus.palafrugell.cat\/en\/politica-de-privacitat\/","og_locale":"en_GB","og_type":"article","og_title":"Pol\u00edtica de privacitat","og_description":"Pol\u00edtica de privacitat","og_url":"https:\/\/plus.palafrugell.cat\/en\/politica-de-privacitat\/","og_site_name":"Palafrugell Plus","article_modified_time":"2025-12-23T11:13:24+00:00","twitter_card":"summary_large_image","twitter_misc":{"Estimated reading time":"47 minutes"},"schema":{"@context":"https:\/\/schema.org","@graph":[{"@type":"WebPage","@id":"https:\/\/plus.palafrugell.cat\/politica-de-privacitat\/","url":"https:\/\/plus.palafrugell.cat\/politica-de-privacitat\/","name":"Pol\u00edtica de privacitat - Palafrugell Plus","isPartOf":{"@id":"https:\/\/plus.palafrugell.cat\/#website"},"datePublished":"2022-05-30T11:56:58+00:00","dateModified":"2025-12-23T11:13:24+00:00","description":"Pol\u00edtica de privacitat","breadcrumb":{"@id":"https:\/\/plus.palafrugell.cat\/politica-de-privacitat\/#breadcrumb"},"inLanguage":"en-GB","potentialAction":[{"@type":"ReadAction","target":["https:\/\/plus.palafrugell.cat\/politica-de-privacitat\/"]}]},{"@type":"BreadcrumbList","@id":"https:\/\/plus.palafrugell.cat\/politica-de-privacitat\/#breadcrumb","itemListElement":[{"@type":"ListItem","position":1,"name":"Home","item":"https:\/\/plus.palafrugell.cat\/"},{"@type":"ListItem","position":2,"name":"Pol\u00edtica de privacitat"}]},{"@type":"WebSite","@id":"https:\/\/plus.palafrugell.cat\/#website","url":"https:\/\/plus.palafrugell.cat\/","name":"Palafrugell Plus","description":"Viu experi\u00e8ncies culturals \u00faniques","publisher":{"@id":"https:\/\/plus.palafrugell.cat\/#organization"},"potentialAction":[{"@type":"SearchAction","target":{"@type":"EntryPoint","urlTemplate":"https:\/\/plus.palafrugell.cat\/?s={search_term_string}"},"query-input":{"@type":"PropertyValueSpecification","valueRequired":true,"valueName":"search_term_string"}}],"inLanguage":"en-GB"},{"@type":"Organization","@id":"https:\/\/plus.palafrugell.cat\/#organization","name":"Palafrugell+","url":"https:\/\/plus.palafrugell.cat\/","logo":{"@type":"ImageObject","inLanguage":"en-GB","@id":"https:\/\/plus.palafrugell.cat\/#\/schema\/logo\/image\/","url":"http:\/\/plus.palafrugell.cat\/wp-content\/uploads\/2022\/05\/logo-fons-09.svg","contentUrl":"http:\/\/plus.palafrugell.cat\/wp-content\/uploads\/2022\/05\/logo-fons-09.svg","width":1,"height":1,"caption":"Palafrugell+"},"image":{"@id":"https:\/\/plus.palafrugell.cat\/#\/schema\/logo\/image\/"}}]}},"_links":{"self":[{"href":"https:\/\/plus.palafrugell.cat\/en\/wp-json\/wp\/v2\/pages\/370","targetHints":{"allow":["GET"]}}],"collection":[{"href":"https:\/\/plus.palafrugell.cat\/en\/wp-json\/wp\/v2\/pages"}],"about":[{"href":"https:\/\/plus.palafrugell.cat\/en\/wp-json\/wp\/v2\/types\/page"}],"author":[{"embeddable":true,"href":"https:\/\/plus.palafrugell.cat\/en\/wp-json\/wp\/v2\/users\/1"}],"replies":[{"embeddable":true,"href":"https:\/\/plus.palafrugell.cat\/en\/wp-json\/wp\/v2\/comments?post=370"}],"version-history":[{"count":21,"href":"https:\/\/plus.palafrugell.cat\/en\/wp-json\/wp\/v2\/pages\/370\/revisions"}],"predecessor-version":[{"id":2232,"href":"https:\/\/plus.palafrugell.cat\/en\/wp-json\/wp\/v2\/pages\/370\/revisions\/2232"}],"wp:attachment":[{"href":"https:\/\/plus.palafrugell.cat\/en\/wp-json\/wp\/v2\/media?parent=370"}],"curies":[{"name":"wp","href":"https:\/\/api.w.org\/{rel}","templated":true}]}}