{"id":206,"date":"2022-05-26T18:32:52","date_gmt":"2022-05-26T16:32:52","guid":{"rendered":"http:\/\/www.palafrugellplus.com\/?page_id=206"},"modified":"2026-02-12T12:24:57","modified_gmt":"2026-02-12T11:24:57","slug":"fundacio-josep-pla","status":"publish","type":"page","link":"https:\/\/plus.palafrugell.cat\/es\/fundacio-josep-pla\/","title":{"rendered":"Fundaci\u00f3n Josep Pla"},"content":{"rendered":"<div data-elementor-type=\"wp-page\" data-elementor-id=\"206\" class=\"elementor elementor-206\" data-elementor-post-type=\"page\">\n\t\t\t\t<div class=\"elementor-element elementor-element-86d1fb3 e-flex e-con-boxed e-con e-parent\" data-id=\"86d1fb3\" data-element_type=\"container\">\n\t\t\t\t\t<div class=\"e-con-inner\">\n\t\t<a class=\"elementor-element elementor-element-9f107ba e-con-full e-flex e-con e-child\" data-id=\"9f107ba\" data-element_type=\"container\" data-settings=\"{&quot;background_background&quot;:&quot;classic&quot;}\" href=\"https:\/\/plus.palafrugell.cat\/es\/fundacio-josep-pla\/\">\n\t\t<a class=\"elementor-element elementor-element-752820d e-con-full e-flex e-con e-child\" data-id=\"752820d\" data-element_type=\"container\" data-settings=\"{&quot;background_background&quot;:&quot;classic&quot;}\">\n\t\t\t\t<\/a>\n\t\t\t\t<\/a>\n\t\t\t\t\t<\/div>\n\t\t\t\t<\/div>\n\t\t<div class=\"elementor-element elementor-element-f8e7b22 e-flex e-con-boxed e-con e-child\" data-id=\"f8e7b22\" data-element_type=\"container\" data-settings=\"{&quot;background_background&quot;:&quot;classic&quot;}\">\n\t\t\t\t\t<div class=\"e-con-inner\">\n\t\t\t\t<div class=\"elementor-element elementor-element-22b6e68 elementor-widget-mobile__width-inherit elementor-widget elementor-widget-heading\" data-id=\"22b6e68\" data-element_type=\"widget\" data-widget_type=\"heading.default\">\n\t\t\t\t<div class=\"elementor-widget-container\">\n\t\t\t\t\t<h1 class=\"elementor-heading-title elementor-size-default\">Fundaci\u00f3n Josep Pla<\/h1>\t\t\t\t<\/div>\n\t\t\t\t<\/div>\n\t\t\t\t\t<\/div>\n\t\t\t\t<\/div>\n\t\t<div class=\"elementor-element elementor-element-ae2f249 e-flex e-con-boxed e-con e-parent\" data-id=\"ae2f249\" data-element_type=\"container\">\n\t\t\t\t\t<div class=\"e-con-inner\">\n\t\t<div class=\"elementor-element elementor-element-e60c431 e-con-full e-flex e-con e-child\" data-id=\"e60c431\" data-element_type=\"container\">\n\t\t\t\t<div class=\"elementor-element elementor-element-67f9405 elementor-widget__width-initial elementor-widget elementor-widget-text-editor\" data-id=\"67f9405\" data-element_type=\"widget\" data-widget_type=\"text-editor.default\">\n\t\t\t\t<div class=\"elementor-widget-container\">\n\t\t\t\t\t\t\t\t\t<p>Situada en la calle Nou de Palafrugell, la casa natal de Josep Pla es la sede de la Fundaci\u00f3n dedicada al escritor ampurdan\u00e9s. La entidad acoge la exposici\u00f3n permanente \"La pasi\u00f3n por escribir. Josep Pla (1897-1981)\", que recorre su trayectoria vital y literaria, y produce regularmente exposiciones temporales que profundizan en aspectos concretos de la producci\u00f3n y relaciones del escritor. La Fundaci\u00f3 Josep Pla acoge tambi\u00e9n la biblioteca particular del autor y un centro de documentaci\u00f3n.<\/p><p>La Fundaci\u00f3n se dedica a promover, motivar y facilitar la lectura y los estudios de la obra literaria y period\u00edstica de Josep Pla, a trav\u00e9s de la organizaci\u00f3n y dinamizaci\u00f3n de varias actividades: producci\u00f3n de exposiciones, presentaciones y actos literarios, jornadas y seminarios de estudio, rutas literarias y cursos y talleres educativos, entre otros.<\/p>\t\t\t\t\t\t\t\t<\/div>\n\t\t\t\t<\/div>\n\t\t\t\t<div class=\"elementor-element elementor-element-786715f elementor-widget__width-initial elementor-absolute elementor-widget elementor-widget-image\" data-id=\"786715f\" data-element_type=\"widget\" data-settings=\"{&quot;_position&quot;:&quot;absolute&quot;}\" data-widget_type=\"image.default\">\n\t\t\t\t<div class=\"elementor-widget-container\">\n\t\t\t\t\t\t\t\t\t\t\t\t\t\t\t<img fetchpriority=\"high\" decoding=\"async\" width=\"500\" height=\"500\" src=\"https:\/\/plus.palafrugell.cat\/wp-content\/uploads\/2025\/12\/Recurso-2josep-pla.png\" class=\"attachment-large size-large wp-image-1972\" alt=\"\" srcset=\"https:\/\/plus.palafrugell.cat\/wp-content\/uploads\/2025\/12\/Recurso-2josep-pla.png 500w, https:\/\/plus.palafrugell.cat\/wp-content\/uploads\/2025\/12\/Recurso-2josep-pla-300x300.png 300w, https:\/\/plus.palafrugell.cat\/wp-content\/uploads\/2025\/12\/Recurso-2josep-pla-150x150.png 150w, https:\/\/plus.palafrugell.cat\/wp-content\/uploads\/2025\/12\/Recurso-2josep-pla-12x12.png 12w\" sizes=\"(max-width: 500px) 100vw, 500px\" \/>\t\t\t\t\t\t\t\t\t\t\t\t\t\t\t<\/div>\n\t\t\t\t<\/div>\n\t\t\t\t<div class=\"elementor-element elementor-element-1ca5320 elementor-widget__width-initial elementor-absolute elementor-hidden-tablet elementor-hidden-mobile elementor-widget elementor-widget-image\" data-id=\"1ca5320\" data-element_type=\"widget\" data-settings=\"{&quot;_position&quot;:&quot;absolute&quot;}\" data-widget_type=\"image.default\">\n\t\t\t\t<div class=\"elementor-widget-container\">\n\t\t\t\t\t\t\t\t\t\t\t\t\t\t\t<img fetchpriority=\"high\" decoding=\"async\" width=\"500\" height=\"500\" src=\"https:\/\/plus.palafrugell.cat\/wp-content\/uploads\/2025\/12\/Recurso-2josep-pla.png\" class=\"attachment-large size-large wp-image-1972\" alt=\"\" srcset=\"https:\/\/plus.palafrugell.cat\/wp-content\/uploads\/2025\/12\/Recurso-2josep-pla.png 500w, https:\/\/plus.palafrugell.cat\/wp-content\/uploads\/2025\/12\/Recurso-2josep-pla-300x300.png 300w, https:\/\/plus.palafrugell.cat\/wp-content\/uploads\/2025\/12\/Recurso-2josep-pla-150x150.png 150w, https:\/\/plus.palafrugell.cat\/wp-content\/uploads\/2025\/12\/Recurso-2josep-pla-12x12.png 12w\" sizes=\"(max-width: 500px) 100vw, 500px\" \/>\t\t\t\t\t\t\t\t\t\t\t\t\t\t\t<\/div>\n\t\t\t\t<\/div>\n\t\t\t\t<\/div>\n\t\t\t\t\t<\/div>\n\t\t\t\t<\/div>\n\t\t<div class=\"elementor-element elementor-element-1a02f9e e-flex e-con-boxed e-con e-parent\" data-id=\"1a02f9e\" data-element_type=\"container\">\n\t\t\t\t\t<div class=\"e-con-inner\">\n\t\t\t\t<div class=\"elementor-element elementor-element-493bdf4 elementor-widget-mobile__width-inherit elementor-widget elementor-widget-heading\" data-id=\"493bdf4\" data-element_type=\"widget\" data-widget_type=\"heading.default\">\n\t\t\t\t<div class=\"elementor-widget-container\">\n\t\t\t\t\t<h2 class=\"elementor-heading-title elementor-size-default\">Durante la visita<\/h2>\t\t\t\t<\/div>\n\t\t\t\t<\/div>\n\t\t<div class=\"elementor-element elementor-element-9868539 e-con-full e-flex e-con e-child\" data-id=\"9868539\" data-element_type=\"container\">\n\t\t<div class=\"elementor-element elementor-element-3bb51fd e-con-full e-flex e-con e-child\" data-id=\"3bb51fd\" data-element_type=\"container\">\n\t\t\t\t<div class=\"elementor-element elementor-element-75a631a elementor-widget__width-initial elementor-widget elementor-widget-text-editor\" data-id=\"75a631a\" data-element_type=\"widget\" data-widget_type=\"text-editor.default\">\n\t\t\t\t<div class=\"elementor-widget-container\">\n\t\t\t\t\t\t\t\t\t<p style=\"font-weight: 400;\">La exposici\u00f3n permanente \"<b><a href=\"https:\/\/fundaciojoseppla.cat\/es\/exposicion-permanente\/\">La pasi\u00f3n por escribir. Josep Pla (1897-1981)<\/a><\/b>\u201d permite descubrir varias facetas de la vida y la obra del escritor, y situarla dentro de la realidad catalana y el contexto europeo del siglo XX. Con una propuesta que favorece la interacci\u00f3n del visitante, la muestra combina los objetos y documentaci\u00f3n manuscrita y de \u00e9poca con propuestas digitales y audiovisuales, que incluso permiten a los usuarios adentrarse en las facetas \u00edntimas del autor y experimentar la sensaci\u00f3n de visitar el emblem\u00e1tico Mas Pla.<\/p><p style=\"font-weight: 400;\">Si ven\u00eds <strong>en familia<\/strong>, os ofrecemos un <strong>'Plan para peque\u00f1os grandes curiosos'<\/strong>\u2019: unas propuestas l\u00fadicas complementarias que os ofrecen otras perspectivas sobre la producci\u00f3n de Pla, y os har\u00e1n conectar su obra y experiencias con la realidad actual.<\/p><p style=\"font-weight: 400;\">Tambi\u00e9n encontrar\u00e9is una <strong>exposici\u00f3n temporal<\/strong>, que peri\u00f3dicamente propone aproximaciones espec\u00edficas en su obra y conexiones con otras formas de expresi\u00f3n art\u00edstica.<\/p><p><b>VISITA GUIADA Y RUTAS LITERARIAS\u00a0<\/b><\/p><p style=\"font-weight: 400;\">La Fundaci\u00f3n Josep Pla organiza regularmente visitas guiadas de inscripci\u00f3n individual (consultad agenda en la web), y pod\u00e9is concertar visitas guiadas para grupos (m\u00e1ximo 15 personas).<\/p><p style=\"font-weight: 400;\">En cuanto a la<em>\u00a0<\/em><b><a href=\"https:\/\/fundaciojoseppla.cat\/es\/ruta-josep-pla\/\">Ruta Josep Pla<\/a>,<\/b>\u00a0dispon\u00e9is de diferentes itinerarios y sesiones. Se trata de una propuesta divulgativa y de turismo cultural para descubrir lugares significativos y an\u00e9cdotas de la visa y obra del escritor vinculadas a los paisajes de Palafrugell, Calella, Tamariu, Llofriu, Pals, Sant Feliu, Figueres o Girona, entre otros.<\/p><p style=\"font-weight: 400;\">Pod\u00e9is inscribiros a las actividades programadas a trav\u00e9s de la agenda de la Fundaci\u00f3n, o bien se pueden concertar actividades contactando a info@fundaciojoseppla.cat.<\/p><p><b>Precio de entrada reducida con la tarjeta Cultural Pass:<\/b>\u00a02,50\u20ac<\/p>\t\t\t\t\t\t\t\t<\/div>\n\t\t\t\t<\/div>\n\t\t\t\t<\/div>\n\t\t<div class=\"elementor-element elementor-element-9d8943a e-con-full e-flex e-con e-child\" data-id=\"9d8943a\" data-element_type=\"container\">\n\t\t\t\t<div class=\"elementor-element elementor-element-c931c64 animated-slow galleria elementor-pagination-position-outside elementor-invisible elementor-widget elementor-widget-image-carousel\" data-id=\"c931c64\" data-element_type=\"widget\" data-settings=\"{&quot;slides_to_show&quot;:&quot;1&quot;,&quot;navigation&quot;:&quot;dots&quot;,&quot;autoplay_speed&quot;:3000,&quot;_animation&quot;:&quot;fadeIn&quot;,&quot;autoplay&quot;:&quot;yes&quot;,&quot;pause_on_hover&quot;:&quot;yes&quot;,&quot;pause_on_interaction&quot;:&quot;yes&quot;,&quot;infinite&quot;:&quot;yes&quot;,&quot;effect&quot;:&quot;slide&quot;,&quot;speed&quot;:500}\" data-widget_type=\"image-carousel.default\">\n\t\t\t\t<div class=\"elementor-widget-container\">\n\t\t\t\t\t\t\t<div class=\"elementor-image-carousel-wrapper swiper\" role=\"region\" aria-roledescription=\"carousel\" aria-label=\"Carrusel d&#039;imatges\" dir=\"ltr\">\n\t\t\t<div class=\"elementor-image-carousel swiper-wrapper swiper-image-stretch\" aria-live=\"off\">\n\t\t\t\t\t\t\t\t<div class=\"swiper-slide\" role=\"group\" aria-roledescription=\"slide\" aria-label=\"1 de 2\"><a data-elementor-open-lightbox=\"yes\" data-elementor-lightbox-slideshow=\"c931c64\" data-elementor-lightbox-title=\"697-palafrugell+\" data-e-action-hash=\"#elementor-action%3Aaction%3Dlightbox%26settings%3DeyJpZCI6MTMyNiwidXJsIjoiaHR0cHM6XC9cL3BsdXMucGFsYWZydWdlbGwuY2F0XC93cC1jb250ZW50XC91cGxvYWRzXC8yMDIyXC8wNlwvNjk3LXBhbGFmcnVnZWxsLmpwZyIsInNsaWRlc2hvdyI6ImM5MzFjNjQifQ%3D%3D\" href=\"https:\/\/plus.palafrugell.cat\/wp-content\/uploads\/2022\/06\/697-palafrugell.jpg\"><figure class=\"swiper-slide-inner\"><img decoding=\"async\" class=\"swiper-slide-image\" src=\"https:\/\/plus.palafrugell.cat\/wp-content\/uploads\/2022\/06\/697-palafrugell-474x324.jpg\" alt=\"697-palafrugell+\" \/><\/figure><\/a><\/div><div class=\"swiper-slide\" role=\"group\" aria-roledescription=\"slide\" aria-label=\"2 de 2\"><a data-elementor-open-lightbox=\"yes\" data-elementor-lightbox-slideshow=\"c931c64\" data-elementor-lightbox-title=\"exposicio2\" data-e-action-hash=\"#elementor-action%3Aaction%3Dlightbox%26settings%3DeyJpZCI6MjI1MiwidXJsIjoiaHR0cHM6XC9cL3BsdXMucGFsYWZydWdlbGwuY2F0XC93cC1jb250ZW50XC91cGxvYWRzXC8yMDI2XC8wMVwvZXhwb3NpY2lvMi1zY2FsZWQuanBnIiwic2xpZGVzaG93IjoiYzkzMWM2NCJ9\" href=\"https:\/\/plus.palafrugell.cat\/wp-content\/uploads\/2026\/01\/exposicio2-scaled.jpg\"><figure class=\"swiper-slide-inner\"><img decoding=\"async\" class=\"swiper-slide-image\" src=\"https:\/\/plus.palafrugell.cat\/wp-content\/uploads\/2026\/01\/exposicio2-scaled.jpg\" alt=\"exposicio2\" \/><\/figure><\/a><\/div>\t\t\t<\/div>\n\t\t\t\t\t\t\t\n\t\t\t\t\t\t\t\t\t<div class=\"swiper-pagination\"><\/div>\n\t\t\t\t\t\t\t\t\t<\/div>\n\t\t\t\t\t\t<\/div>\n\t\t\t\t<\/div>\n\t\t\t\t<\/div>\n\t\t\t\t<\/div>\n\t\t\t\t\t<\/div>\n\t\t\t\t<\/div>\n\t\t<div class=\"elementor-element elementor-element-fa850df e-flex e-con-boxed e-con e-parent\" data-id=\"fa850df\" data-element_type=\"container\">\n\t\t\t\t\t<div class=\"e-con-inner\">\n\t\t\t\t<div class=\"elementor-element elementor-element-bb07d51 elementor-widget-mobile__width-inherit elementor-widget elementor-widget-heading\" data-id=\"bb07d51\" data-element_type=\"widget\" data-widget_type=\"heading.default\">\n\t\t\t\t<div class=\"elementor-widget-container\">\n\t\t\t\t\t<h2 class=\"elementor-heading-title elementor-size-default\">M\u00c1S INFORMACI\u00d3N<\/h2>\t\t\t\t<\/div>\n\t\t\t\t<\/div>\n\t\t<div class=\"elementor-element elementor-element-2a26cad e-con-full e-flex e-con e-child\" data-id=\"2a26cad\" data-element_type=\"container\">\n\t\t<div class=\"elementor-element elementor-element-604a55e e-con-full e-flex e-con e-child\" data-id=\"604a55e\" data-element_type=\"container\">\n\t\t<div class=\"elementor-element elementor-element-553e063 e-con-full e-flex e-con e-child\" data-id=\"553e063\" data-element_type=\"container\">\n\t\t\t\t<div class=\"elementor-element elementor-element-c6442be elementor-view-default elementor-widget elementor-widget-icon\" data-id=\"c6442be\" data-element_type=\"widget\" data-widget_type=\"icon.default\">\n\t\t\t\t<div class=\"elementor-widget-container\">\n\t\t\t\t\t\t\t<div class=\"elementor-icon-wrapper\">\n\t\t\t<div class=\"elementor-icon\">\n\t\t\t<svg xmlns=\"http:\/\/www.w3.org\/2000\/svg\" id=\"b\" width=\"3.58\" height=\"3.58\" viewbox=\"0 0 3.58 3.58\"><g id=\"c\"><path d=\"M1.79.42c.75,0,1.36.61,1.36,1.36s-.61,1.36-1.36,1.36S.43,2.54.43,1.79,1.04.42,1.79.42M1.79,0C.8,0,0,.8,0,1.79s.8,1.79,1.79,1.79,1.79-.8,1.79-1.79-.8-1.79-1.79-1.79h0Z\" fill=\"#23354d\"><\/path><path d=\"M2.2,2.64c-.06,0-.13-.03-.17-.09l-.48-.65s-.04-.08-.04-.13v-.77c0-.12.09-.21.21-.21s.21.09.21.21v.7l.44.59c.07.09.05.23-.04.3-.04.03-.08.04-.13.04Z\" fill=\"#23354d\"><\/path><\/g><\/svg>\t\t\t<\/div>\n\t\t<\/div>\n\t\t\t\t\t\t<\/div>\n\t\t\t\t<\/div>\n\t\t\t\t<div class=\"elementor-element elementor-element-d3faaa8 elementor-widget-mobile__width-inherit elementor-widget elementor-widget-heading\" data-id=\"d3faaa8\" data-element_type=\"widget\" data-widget_type=\"heading.default\">\n\t\t\t\t<div class=\"elementor-widget-container\">\n\t\t\t\t\t<h3 class=\"elementor-heading-title elementor-size-default\">HORARIOS DE ATENCI\u00d3N<\/h3>\t\t\t\t<\/div>\n\t\t\t\t<\/div>\n\t\t\t\t<\/div>\n\t\t\t\t<div class=\"elementor-element elementor-element-c08ad1a elementor-widget__width-initial elementor-widget elementor-widget-text-editor\" data-id=\"c08ad1a\" data-element_type=\"widget\" data-widget_type=\"text-editor.default\">\n\t\t\t\t<div class=\"elementor-widget-container\">\n\t\t\t\t\t\t\t\t\t<p style=\"font-weight: 400;\">Del 16 de septiembre al 14 de junio:<\/p><p style=\"font-weight: 400;\">De martes a viernes, de 9 a 14 h y de 16 a 18:30 h.<\/p><p style=\"font-weight: 400;\">S\u00e1bados, de 10:30 a 14 y de 16 a 19 h.<\/p><p style=\"font-weight: 400;\">Del 15 de junio al 15 de septiembre:<\/p><p style=\"font-weight: 400;\">De martes a viernes, de 9 a 14 h y de 17 a 20:30 h.<\/p><p style=\"font-weight: 400;\">S\u00e1bados, de 10 a 14 y de 17 a 20:30 h.<\/p><p style=\"font-weight: 400;\">Domingos de junio a septiembre, de 10:30 a 13:30 h.<\/p><p style=\"font-weight: 400;\" class=\"translation-block\">Cerrado el 1, 5 y 6 de enero, el 11 de septiembre y el 24, 25, 26 y 31 de diciembre.<\/p>\t\t\t\t\t\t\t\t<\/div>\n\t\t\t\t<\/div>\n\t\t<div class=\"elementor-element elementor-element-4fdcd4b e-con-full e-flex e-con e-child\" data-id=\"4fdcd4b\" data-element_type=\"container\">\n\t\t\t\t<div class=\"elementor-element elementor-element-f38f8ef elementor-view-default elementor-widget elementor-widget-icon\" data-id=\"f38f8ef\" data-element_type=\"widget\" data-widget_type=\"icon.default\">\n\t\t\t\t<div class=\"elementor-widget-container\">\n\t\t\t\t\t\t\t<div class=\"elementor-icon-wrapper\">\n\t\t\t<div class=\"elementor-icon\">\n\t\t\t<svg xmlns=\"http:\/\/www.w3.org\/2000\/svg\" id=\"b\" width=\"3.57\" height=\"4.48\" viewbox=\"0 0 3.57 4.48\"><g id=\"c\"><path d=\"M1.78.42c.76,0,1.37.65,1.37,1.46,0,.59-.73,1.58-1.12,2.07-.06.08-.15.12-.25.12s-.18-.04-.25-.12c-.39-.49-1.12-1.49-1.12-2.07C.42,1.07,1.03.42,1.78.42M1.78,0C.8,0,0,.84,0,1.87c0,.54.41,1.32,1.21,2.33.14.18.35.28.57.28s.43-.1.57-.28c.8-1.01,1.21-1.8,1.21-2.33,0-1.03-.8-1.87-1.78-1.87h0Z\" fill=\"#23354d\"><\/path><path d=\"M1.78,2.36c-.35,0-.64-.29-.64-.64s.29-.64.64-.64.64.29.64.64-.29.64-.64.64Z\" fill=\"#23354d\"><\/path><\/g><\/svg>\t\t\t<\/div>\n\t\t<\/div>\n\t\t\t\t\t\t<\/div>\n\t\t\t\t<\/div>\n\t\t\t\t<div class=\"elementor-element elementor-element-ec51caa elementor-widget-mobile__width-inherit elementor-widget elementor-widget-heading\" data-id=\"ec51caa\" data-element_type=\"widget\" data-widget_type=\"heading.default\">\n\t\t\t\t<div class=\"elementor-widget-container\">\n\t\t\t\t\t<h3 class=\"elementor-heading-title elementor-size-default\">DIRECCI\u00d3N<\/h3>\t\t\t\t<\/div>\n\t\t\t\t<\/div>\n\t\t\t\t<\/div>\n\t\t\t\t<div class=\"elementor-element elementor-element-9006931 elementor-widget__width-initial elementor-widget elementor-widget-text-editor\" data-id=\"9006931\" data-element_type=\"widget\" data-widget_type=\"text-editor.default\">\n\t\t\t\t<div class=\"elementor-widget-container\">\n\t\t\t\t\t\t\t\t\t<p>Nou, 51 17200 Palafrugell<\/p>\t\t\t\t\t\t\t\t<\/div>\n\t\t\t\t<\/div>\n\t\t<div class=\"elementor-element elementor-element-a6b90fb e-con-full e-flex e-con e-child\" data-id=\"a6b90fb\" data-element_type=\"container\">\n\t\t\t\t<div class=\"elementor-element elementor-element-e80de1b elementor-view-default elementor-widget elementor-widget-icon\" data-id=\"e80de1b\" data-element_type=\"widget\" data-widget_type=\"icon.default\">\n\t\t\t\t<div class=\"elementor-widget-container\">\n\t\t\t\t\t\t\t<div class=\"elementor-icon-wrapper\">\n\t\t\t<div class=\"elementor-icon\">\n\t\t\t<svg xmlns=\"http:\/\/www.w3.org\/2000\/svg\" id=\"b\" width=\"3.58\" height=\"3.32\" viewbox=\"0 0 3.58 3.32\"><g id=\"c\"><path d=\"M3.15,2.2c-.15-.09-.35-.19-.53-.12-.14.06-.22.27-.31.38-.05.06-.1.07-.17.04-.51-.2-.91-.55-1.19-1.02-.05-.07-.04-.13.02-.2.09-.1.19-.22.22-.35.02-.14-.04-.3-.1-.42-.07-.15-.15-.38-.31-.46C.64-.04.45,0,.32.11.1.29,0,.57,0,.85c0,.08.01.16.03.23.04.18.13.35.22.52.07.12.15.24.23.36.28.37.62.7,1.01.94.2.12.41.23.63.3.25.08.47.17.74.12.28-.05.56-.23.67-.5.03-.08.05-.17.03-.25-.04-.17-.27-.28-.42-.36Z\" fill=\"#23354d\" fill-rule=\"evenodd\"><\/path><\/g><\/svg>\t\t\t<\/div>\n\t\t<\/div>\n\t\t\t\t\t\t<\/div>\n\t\t\t\t<\/div>\n\t\t\t\t<div class=\"elementor-element elementor-element-c8a8210 elementor-widget-mobile__width-inherit elementor-widget elementor-widget-heading\" data-id=\"c8a8210\" data-element_type=\"widget\" data-widget_type=\"heading.default\">\n\t\t\t\t<div class=\"elementor-widget-container\">\n\t\t\t\t\t<h3 class=\"elementor-heading-title elementor-size-default\">LLAMA<\/h3>\t\t\t\t<\/div>\n\t\t\t\t<\/div>\n\t\t\t\t<\/div>\n\t\t\t\t<div class=\"elementor-element elementor-element-69876e9 elementor-widget__width-initial elementor-widget elementor-widget-text-editor\" data-id=\"69876e9\" data-element_type=\"widget\" data-widget_type=\"text-editor.default\">\n\t\t\t\t<div class=\"elementor-widget-container\">\n\t\t\t\t\t\t\t\t\t<p><a href=\"tel:+34972305577\" target=\"_blank\" rel=\"noopener\">Tel. +34 972 30 55 77 <\/a><\/p>\t\t\t\t\t\t\t\t<\/div>\n\t\t\t\t<\/div>\n\t\t<div class=\"elementor-element elementor-element-a003e00 e-con-full e-flex e-con e-child\" data-id=\"a003e00\" data-element_type=\"container\">\n\t\t\t\t<div class=\"elementor-element elementor-element-10b589b elementor-view-default elementor-widget elementor-widget-icon\" data-id=\"10b589b\" data-element_type=\"widget\" data-widget_type=\"icon.default\">\n\t\t\t\t<div class=\"elementor-widget-container\">\n\t\t\t\t\t\t\t<div class=\"elementor-icon-wrapper\">\n\t\t\t<div class=\"elementor-icon\">\n\t\t\t<svg xmlns=\"http:\/\/www.w3.org\/2000\/svg\" id=\"b\" width=\"3.58\" height=\"2.84\" viewbox=\"0 0 3.58 2.84\"><g id=\"c\"><path d=\"M3,0H.57c-.32,0-.57.26-.57.57v1.42c0,.47.38.85.85.85h1.88c.47,0,.85-.38.85-.85V.57c0-.32-.26-.57-.57-.57ZM2.91.38l-.93,1.07c-.05.05-.11.08-.19.08s-.14-.03-.19-.08L.67.38h2.24ZM2.73,2.46H.85c-.26,0-.47-.21-.47-.47V.62l.94,1.07c.12.14.29.21.47.21s.35-.08.47-.21l.94-1.07v1.37c0,.26-.21.47-.47.47Z\" fill=\"#23354d\"><\/path><\/g><\/svg>\t\t\t<\/div>\n\t\t<\/div>\n\t\t\t\t\t\t<\/div>\n\t\t\t\t<\/div>\n\t\t\t\t<div class=\"elementor-element elementor-element-5122a7c elementor-widget-mobile__width-inherit elementor-widget elementor-widget-heading\" data-id=\"5122a7c\" data-element_type=\"widget\" data-widget_type=\"heading.default\">\n\t\t\t\t<div class=\"elementor-widget-container\">\n\t\t\t\t\t<h3 class=\"elementor-heading-title elementor-size-default\">E-MAIL<\/h3>\t\t\t\t<\/div>\n\t\t\t\t<\/div>\n\t\t\t\t<\/div>\n\t\t\t\t<div class=\"elementor-element elementor-element-4873041 elementor-widget__width-initial elementor-widget elementor-widget-text-editor\" data-id=\"4873041\" data-element_type=\"widget\" data-widget_type=\"text-editor.default\">\n\t\t\t\t<div class=\"elementor-widget-container\">\n\t\t\t\t\t\t\t\t\t<p><a href=\"mailto:info@fundaciojoseppla.cat\" target=\"_blank\" rel=\"noopener\">info@fundaciojoseppla.cat <\/a><\/p>\t\t\t\t\t\t\t\t<\/div>\n\t\t\t\t<\/div>\n\t\t<div class=\"elementor-element elementor-element-e08449f e-con-full e-flex e-con e-child\" data-id=\"e08449f\" data-element_type=\"container\">\n\t\t\t\t<div class=\"elementor-element elementor-element-8d8f144 elementor-view-default elementor-widget elementor-widget-icon\" data-id=\"8d8f144\" data-element_type=\"widget\" data-widget_type=\"icon.default\">\n\t\t\t\t<div class=\"elementor-widget-container\">\n\t\t\t\t\t\t\t<div class=\"elementor-icon-wrapper\">\n\t\t\t<div class=\"elementor-icon\">\n\t\t\t<svg xmlns=\"http:\/\/www.w3.org\/2000\/svg\" id=\"b\" width=\"3.63\" height=\"3.66\" viewbox=\"0 0 3.63 3.66\"><g id=\"c\"><path d=\"M3.56,3.25l-.73-.73c.2-.26.32-.59.32-.95,0-.87-.71-1.58-1.58-1.58S0,.71,0,1.58s.71,1.58,1.58,1.58c.34,0,.66-.11.92-.29l.73.73s.11.07.17.07.12-.02.17-.07c.09-.09.09-.25,0-.34ZM1.58,2.67c-.6,0-1.1-.49-1.1-1.1S.97.48,1.58.48s1.1.49,1.1,1.1-.49,1.1-1.1,1.1Z\" fill=\"#23354d\"><\/path><\/g><\/svg>\t\t\t<\/div>\n\t\t<\/div>\n\t\t\t\t\t\t<\/div>\n\t\t\t\t<\/div>\n\t\t\t\t<div class=\"elementor-element elementor-element-ef8ee50 elementor-widget-mobile__width-inherit elementor-widget elementor-widget-heading\" data-id=\"ef8ee50\" data-element_type=\"widget\" data-widget_type=\"heading.default\">\n\t\t\t\t<div class=\"elementor-widget-container\">\n\t\t\t\t\t<h3 class=\"elementor-heading-title elementor-size-default\">WEB<\/h3>\t\t\t\t<\/div>\n\t\t\t\t<\/div>\n\t\t\t\t<\/div>\n\t\t\t\t<div class=\"elementor-element elementor-element-6ee1c21 elementor-widget__width-initial elementor-widget elementor-widget-text-editor\" data-id=\"6ee1c21\" data-element_type=\"widget\" data-widget_type=\"text-editor.default\">\n\t\t\t\t<div class=\"elementor-widget-container\">\n\t\t\t\t\t\t\t\t\t<p><a href=\"https:\/\/fundaciojoseppla.cat\/es\/\" target=\"_blank\" rel=\"noopener\">www.fundaciojoseppla.cat<\/a><\/p>\t\t\t\t\t\t\t\t<\/div>\n\t\t\t\t<\/div>\n\t\t<div class=\"elementor-element elementor-element-5b5a3fb e-con-full e-flex e-con e-child\" data-id=\"5b5a3fb\" data-element_type=\"container\">\n\t\t\t\t<div class=\"elementor-element elementor-element-9882e35 elementor-view-default elementor-widget elementor-widget-icon\" data-id=\"9882e35\" data-element_type=\"widget\" data-widget_type=\"icon.default\">\n\t\t\t\t<div class=\"elementor-widget-container\">\n\t\t\t\t\t\t\t<div class=\"elementor-icon-wrapper\">\n\t\t\t<div class=\"elementor-icon\">\n\t\t\t<i aria-hidden=\"true\" class=\"fab fa-facebook-f\"><\/i>\t\t\t<\/div>\n\t\t<\/div>\n\t\t\t\t\t\t<\/div>\n\t\t\t\t<\/div>\n\t\t\t\t<div class=\"elementor-element elementor-element-f4b5746 elementor-widget-mobile__width-inherit elementor-widget elementor-widget-heading\" data-id=\"f4b5746\" data-element_type=\"widget\" data-widget_type=\"heading.default\">\n\t\t\t\t<div class=\"elementor-widget-container\">\n\t\t\t\t\t<h3 class=\"elementor-heading-title elementor-size-default\">FACEBOOK<\/h3>\t\t\t\t<\/div>\n\t\t\t\t<\/div>\n\t\t\t\t<\/div>\n\t\t\t\t<div class=\"elementor-element elementor-element-5259867 elementor-widget__width-initial elementor-widget elementor-widget-text-editor\" data-id=\"5259867\" data-element_type=\"widget\" data-widget_type=\"text-editor.default\">\n\t\t\t\t<div class=\"elementor-widget-container\">\n\t\t\t\t\t\t\t\t\t<p><a href=\"https:\/\/www.facebook.com\/FJosepPla\/\" target=\"_blank\" rel=\"noopener\">FJosepPla<\/a><\/p>\t\t\t\t\t\t\t\t<\/div>\n\t\t\t\t<\/div>\n\t\t<div class=\"elementor-element elementor-element-737be3a e-con-full e-flex e-con e-child\" data-id=\"737be3a\" data-element_type=\"container\">\n\t\t\t\t<div class=\"elementor-element elementor-element-2efbfa1 elementor-view-default elementor-widget elementor-widget-icon\" data-id=\"2efbfa1\" data-element_type=\"widget\" data-widget_type=\"icon.default\">\n\t\t\t\t<div class=\"elementor-widget-container\">\n\t\t\t\t\t\t\t<div class=\"elementor-icon-wrapper\">\n\t\t\t<div class=\"elementor-icon\">\n\t\t\t<i aria-hidden=\"true\" class=\"fab fa-instagram\"><\/i>\t\t\t<\/div>\n\t\t<\/div>\n\t\t\t\t\t\t<\/div>\n\t\t\t\t<\/div>\n\t\t\t\t<div class=\"elementor-element elementor-element-faa42bb elementor-widget-mobile__width-inherit elementor-widget elementor-widget-heading\" data-id=\"faa42bb\" data-element_type=\"widget\" data-widget_type=\"heading.default\">\n\t\t\t\t<div class=\"elementor-widget-container\">\n\t\t\t\t\t<h3 class=\"elementor-heading-title elementor-size-default\">INSTAGRAM<\/h3>\t\t\t\t<\/div>\n\t\t\t\t<\/div>\n\t\t\t\t<\/div>\n\t\t\t\t<div class=\"elementor-element elementor-element-0f6b11b elementor-widget__width-initial elementor-widget elementor-widget-text-editor\" data-id=\"0f6b11b\" data-element_type=\"widget\" data-widget_type=\"text-editor.default\">\n\t\t\t\t<div class=\"elementor-widget-container\">\n\t\t\t\t\t\t\t\t\t<p><a href=\"https:\/\/www.instagram.com\/FJosepPla\/\" target=\"_blank\" rel=\"noopener\">@fjoseppla<\/a><\/p>\t\t\t\t\t\t\t\t<\/div>\n\t\t\t\t<\/div>\n\t\t<div class=\"elementor-element elementor-element-717ddd0 e-con-full e-flex e-con e-child\" data-id=\"717ddd0\" data-element_type=\"container\">\n\t\t\t\t<div class=\"elementor-element elementor-element-7c24a20 elementor-view-default elementor-widget elementor-widget-icon\" data-id=\"7c24a20\" data-element_type=\"widget\" data-widget_type=\"icon.default\">\n\t\t\t\t<div class=\"elementor-widget-container\">\n\t\t\t\t\t\t\t<div class=\"elementor-icon-wrapper\">\n\t\t\t<div class=\"elementor-icon\">\n\t\t\t<i aria-hidden=\"true\" class=\"fab fa-x-twitter\"><\/i>\t\t\t<\/div>\n\t\t<\/div>\n\t\t\t\t\t\t<\/div>\n\t\t\t\t<\/div>\n\t\t\t\t<div class=\"elementor-element elementor-element-02630e1 elementor-widget-mobile__width-inherit elementor-widget elementor-widget-heading\" data-id=\"02630e1\" data-element_type=\"widget\" data-widget_type=\"heading.default\">\n\t\t\t\t<div class=\"elementor-widget-container\">\n\t\t\t\t\t<h3 class=\"elementor-heading-title elementor-size-default\">X TWITTER<\/h3>\t\t\t\t<\/div>\n\t\t\t\t<\/div>\n\t\t\t\t<\/div>\n\t\t\t\t<div class=\"elementor-element elementor-element-29871aa elementor-widget__width-initial elementor-widget elementor-widget-text-editor\" data-id=\"29871aa\" data-element_type=\"widget\" data-widget_type=\"text-editor.default\">\n\t\t\t\t<div class=\"elementor-widget-container\">\n\t\t\t\t\t\t\t\t\t<p><a href=\"https:\/\/twitter.com\/FJosepPla\" target=\"_blank\" rel=\"noopener\">@FJosepPla<\/a><\/p>\t\t\t\t\t\t\t\t<\/div>\n\t\t\t\t<\/div>\n\t\t\t\t<\/div>\n\t\t<div class=\"elementor-element elementor-element-0c45ce4 e-con-full e-flex e-con e-child\" data-id=\"0c45ce4\" data-element_type=\"container\">\n\t\t\t\t<div class=\"elementor-element elementor-element-de7af9f elementor-widget elementor-widget-google_maps\" data-id=\"de7af9f\" data-element_type=\"widget\" data-widget_type=\"google_maps.default\">\n\t\t\t\t<div class=\"elementor-widget-container\">\n\t\t\t\t\t\t\t<div class=\"elementor-custom-embed\">\n\t\t\t<iframe loading=\"lazy\"\n\t\t\t\t\tsrc=\"https:\/\/maps.google.com\/maps?q=fundaci%C3%B3%20josep%20pla&#038;t=m&#038;z=15&#038;output=embed&#038;iwloc=near\"\n\t\t\t\t\ttitle=\"fundaci\u00f3 josep pla\"\n\t\t\t\t\taria-label=\"fundaci\u00f3 josep pla\"\n\t\t\t><\/iframe>\n\t\t<\/div>\n\t\t\t\t\t\t<\/div>\n\t\t\t\t<\/div>\n\t\t\t\t<\/div>\n\t\t\t\t<\/div>\n\t\t\t\t\t<\/div>\n\t\t\t\t<\/div>\n\t\t\t\t<\/div>","protected":false},"excerpt":{"rendered":"<p>Fundaci\u00f3 Josep Pla Situada al carrer Nou de Palafrugell, la casa natal de Josep Pla \u00e9s la seu de la Fundaci\u00f3 dedicada a l\u2019escriptor empordan\u00e8s. L\u2019entitat acull l\u2019exposici\u00f3 permanent &#8220;La passi\u00f3 per escriure. Josep Pla (1897-1981)\u201d, que recorre la seva traject\u00f2ria vital i liter\u00e0ria, i produeix exposicions temporals que aprofundeixen en aspectes concrets de la [&hellip;]<\/p>","protected":false},"author":1,"featured_media":0,"parent":0,"menu_order":0,"comment_status":"closed","ping_status":"closed","template":"","meta":{"footnotes":""},"class_list":["post-206","page","type-page","status-publish","hentry"],"yoast_head":"<!-- This site is optimized with the Yoast SEO Premium plugin v21.5 (Yoast SEO v26.8) - https:\/\/yoast.com\/product\/yoast-seo-premium-wordpress\/ -->\n<title>Fundaci\u00f3 Josep Pla - Palafrugell Plus<\/title>\n<meta name=\"description\" content=\"Fundaci\u00f3 Josep Pla\" \/>\n<meta name=\"robots\" content=\"index, follow, max-snippet:-1, max-image-preview:large, max-video-preview:-1\" \/>\n<link rel=\"canonical\" href=\"https:\/\/plus.palafrugell.cat\/es\/fundacio-josep-pla\/\" \/>\n<meta property=\"og:locale\" content=\"es_ES\" \/>\n<meta property=\"og:type\" content=\"article\" \/>\n<meta property=\"og:title\" content=\"Fundaci\u00f3 Josep Pla\" \/>\n<meta property=\"og:description\" content=\"Fundaci\u00f3 Josep Pla\" \/>\n<meta property=\"og:url\" content=\"https:\/\/plus.palafrugell.cat\/es\/fundacio-josep-pla\/\" \/>\n<meta property=\"og:site_name\" content=\"Palafrugell Plus\" \/>\n<meta property=\"article:modified_time\" content=\"2026-02-12T11:24:57+00:00\" \/>\n<meta property=\"og:image\" content=\"https:\/\/plus.palafrugell.cat\/wp-content\/uploads\/2025\/12\/Recurso-2josep-pla.png\" \/>\n\t<meta property=\"og:image:width\" content=\"500\" \/>\n\t<meta property=\"og:image:height\" content=\"500\" \/>\n\t<meta property=\"og:image:type\" content=\"image\/png\" \/>\n<meta name=\"twitter:card\" content=\"summary_large_image\" \/>\n<meta name=\"twitter:label1\" content=\"Tiempo de lectura\" \/>\n\t<meta name=\"twitter:data1\" content=\"4 minutos\" \/>\n<script type=\"application\/ld+json\" class=\"yoast-schema-graph\">{\"@context\":\"https:\/\/schema.org\",\"@graph\":[{\"@type\":\"WebPage\",\"@id\":\"https:\/\/plus.palafrugell.cat\/fundacio-josep-pla\/\",\"url\":\"https:\/\/plus.palafrugell.cat\/fundacio-josep-pla\/\",\"name\":\"Fundaci\u00f3 Josep Pla - Palafrugell Plus\",\"isPartOf\":{\"@id\":\"https:\/\/plus.palafrugell.cat\/#website\"},\"primaryImageOfPage\":{\"@id\":\"https:\/\/plus.palafrugell.cat\/fundacio-josep-pla\/#primaryimage\"},\"image\":{\"@id\":\"https:\/\/plus.palafrugell.cat\/fundacio-josep-pla\/#primaryimage\"},\"thumbnailUrl\":\"https:\/\/plus.palafrugell.cat\/wp-content\/uploads\/2025\/12\/Recurso-2josep-pla.png\",\"datePublished\":\"2022-05-26T16:32:52+00:00\",\"dateModified\":\"2026-02-12T11:24:57+00:00\",\"description\":\"Fundaci\u00f3 Josep Pla\",\"breadcrumb\":{\"@id\":\"https:\/\/plus.palafrugell.cat\/fundacio-josep-pla\/#breadcrumb\"},\"inLanguage\":\"es\",\"potentialAction\":[{\"@type\":\"ReadAction\",\"target\":[\"https:\/\/plus.palafrugell.cat\/fundacio-josep-pla\/\"]}]},{\"@type\":\"ImageObject\",\"inLanguage\":\"es\",\"@id\":\"https:\/\/plus.palafrugell.cat\/fundacio-josep-pla\/#primaryimage\",\"url\":\"https:\/\/plus.palafrugell.cat\/wp-content\/uploads\/2025\/12\/Recurso-2josep-pla.png\",\"contentUrl\":\"https:\/\/plus.palafrugell.cat\/wp-content\/uploads\/2025\/12\/Recurso-2josep-pla.png\"},{\"@type\":\"BreadcrumbList\",\"@id\":\"https:\/\/plus.palafrugell.cat\/fundacio-josep-pla\/#breadcrumb\",\"itemListElement\":[{\"@type\":\"ListItem\",\"position\":1,\"name\":\"Home\",\"item\":\"https:\/\/plus.palafrugell.cat\/\"},{\"@type\":\"ListItem\",\"position\":2,\"name\":\"Fundaci\u00f3 Josep Pla\"}]},{\"@type\":\"WebSite\",\"@id\":\"https:\/\/plus.palafrugell.cat\/#website\",\"url\":\"https:\/\/plus.palafrugell.cat\/\",\"name\":\"Palafrugell Plus\",\"description\":\"Viu experi\u00e8ncies culturals \u00faniques\",\"publisher\":{\"@id\":\"https:\/\/plus.palafrugell.cat\/#organization\"},\"potentialAction\":[{\"@type\":\"SearchAction\",\"target\":{\"@type\":\"EntryPoint\",\"urlTemplate\":\"https:\/\/plus.palafrugell.cat\/?s={search_term_string}\"},\"query-input\":{\"@type\":\"PropertyValueSpecification\",\"valueRequired\":true,\"valueName\":\"search_term_string\"}}],\"inLanguage\":\"es\"},{\"@type\":\"Organization\",\"@id\":\"https:\/\/plus.palafrugell.cat\/#organization\",\"name\":\"Palafrugell+\",\"url\":\"https:\/\/plus.palafrugell.cat\/\",\"logo\":{\"@type\":\"ImageObject\",\"inLanguage\":\"es\",\"@id\":\"https:\/\/plus.palafrugell.cat\/#\/schema\/logo\/image\/\",\"url\":\"http:\/\/plus.palafrugell.cat\/wp-content\/uploads\/2022\/05\/logo-fons-09.svg\",\"contentUrl\":\"http:\/\/plus.palafrugell.cat\/wp-content\/uploads\/2022\/05\/logo-fons-09.svg\",\"width\":1,\"height\":1,\"caption\":\"Palafrugell+\"},\"image\":{\"@id\":\"https:\/\/plus.palafrugell.cat\/#\/schema\/logo\/image\/\"}}]}<\/script>\n<!-- \/ Yoast SEO Premium plugin. -->","yoast_head_json":{"title":"Fundaci\u00f3 Josep Pla - Palafrugell Plus","description":"Fundaci\u00f3 Josep Pla","robots":{"index":"index","follow":"follow","max-snippet":"max-snippet:-1","max-image-preview":"max-image-preview:large","max-video-preview":"max-video-preview:-1"},"canonical":"https:\/\/plus.palafrugell.cat\/es\/fundacio-josep-pla\/","og_locale":"es_ES","og_type":"article","og_title":"Fundaci\u00f3 Josep Pla","og_description":"Fundaci\u00f3 Josep Pla","og_url":"https:\/\/plus.palafrugell.cat\/es\/fundacio-josep-pla\/","og_site_name":"Palafrugell Plus","article_modified_time":"2026-02-12T11:24:57+00:00","og_image":[{"width":500,"height":500,"url":"https:\/\/plus.palafrugell.cat\/wp-content\/uploads\/2025\/12\/Recurso-2josep-pla.png","type":"image\/png"}],"twitter_card":"summary_large_image","twitter_misc":{"Tiempo de lectura":"4 minutos"},"schema":{"@context":"https:\/\/schema.org","@graph":[{"@type":"WebPage","@id":"https:\/\/plus.palafrugell.cat\/fundacio-josep-pla\/","url":"https:\/\/plus.palafrugell.cat\/fundacio-josep-pla\/","name":"Fundaci\u00f3 Josep Pla - Palafrugell Plus","isPartOf":{"@id":"https:\/\/plus.palafrugell.cat\/#website"},"primaryImageOfPage":{"@id":"https:\/\/plus.palafrugell.cat\/fundacio-josep-pla\/#primaryimage"},"image":{"@id":"https:\/\/plus.palafrugell.cat\/fundacio-josep-pla\/#primaryimage"},"thumbnailUrl":"https:\/\/plus.palafrugell.cat\/wp-content\/uploads\/2025\/12\/Recurso-2josep-pla.png","datePublished":"2022-05-26T16:32:52+00:00","dateModified":"2026-02-12T11:24:57+00:00","description":"Fundaci\u00f3 Josep Pla","breadcrumb":{"@id":"https:\/\/plus.palafrugell.cat\/fundacio-josep-pla\/#breadcrumb"},"inLanguage":"es","potentialAction":[{"@type":"ReadAction","target":["https:\/\/plus.palafrugell.cat\/fundacio-josep-pla\/"]}]},{"@type":"ImageObject","inLanguage":"es","@id":"https:\/\/plus.palafrugell.cat\/fundacio-josep-pla\/#primaryimage","url":"https:\/\/plus.palafrugell.cat\/wp-content\/uploads\/2025\/12\/Recurso-2josep-pla.png","contentUrl":"https:\/\/plus.palafrugell.cat\/wp-content\/uploads\/2025\/12\/Recurso-2josep-pla.png"},{"@type":"BreadcrumbList","@id":"https:\/\/plus.palafrugell.cat\/fundacio-josep-pla\/#breadcrumb","itemListElement":[{"@type":"ListItem","position":1,"name":"Home","item":"https:\/\/plus.palafrugell.cat\/"},{"@type":"ListItem","position":2,"name":"Fundaci\u00f3 Josep Pla"}]},{"@type":"WebSite","@id":"https:\/\/plus.palafrugell.cat\/#website","url":"https:\/\/plus.palafrugell.cat\/","name":"Palafrugell Plus","description":"Viu experi\u00e8ncies culturals \u00faniques","publisher":{"@id":"https:\/\/plus.palafrugell.cat\/#organization"},"potentialAction":[{"@type":"SearchAction","target":{"@type":"EntryPoint","urlTemplate":"https:\/\/plus.palafrugell.cat\/?s={search_term_string}"},"query-input":{"@type":"PropertyValueSpecification","valueRequired":true,"valueName":"search_term_string"}}],"inLanguage":"es"},{"@type":"Organization","@id":"https:\/\/plus.palafrugell.cat\/#organization","name":"Palafrugell+","url":"https:\/\/plus.palafrugell.cat\/","logo":{"@type":"ImageObject","inLanguage":"es","@id":"https:\/\/plus.palafrugell.cat\/#\/schema\/logo\/image\/","url":"http:\/\/plus.palafrugell.cat\/wp-content\/uploads\/2022\/05\/logo-fons-09.svg","contentUrl":"http:\/\/plus.palafrugell.cat\/wp-content\/uploads\/2022\/05\/logo-fons-09.svg","width":1,"height":1,"caption":"Palafrugell+"},"image":{"@id":"https:\/\/plus.palafrugell.cat\/#\/schema\/logo\/image\/"}}]}},"_links":{"self":[{"href":"https:\/\/plus.palafrugell.cat\/es\/wp-json\/wp\/v2\/pages\/206","targetHints":{"allow":["GET"]}}],"collection":[{"href":"https:\/\/plus.palafrugell.cat\/es\/wp-json\/wp\/v2\/pages"}],"about":[{"href":"https:\/\/plus.palafrugell.cat\/es\/wp-json\/wp\/v2\/types\/page"}],"author":[{"embeddable":true,"href":"https:\/\/plus.palafrugell.cat\/es\/wp-json\/wp\/v2\/users\/1"}],"replies":[{"embeddable":true,"href":"https:\/\/plus.palafrugell.cat\/es\/wp-json\/wp\/v2\/comments?post=206"}],"version-history":[{"count":80,"href":"https:\/\/plus.palafrugell.cat\/es\/wp-json\/wp\/v2\/pages\/206\/revisions"}],"predecessor-version":[{"id":2312,"href":"https:\/\/plus.palafrugell.cat\/es\/wp-json\/wp\/v2\/pages\/206\/revisions\/2312"}],"wp:attachment":[{"href":"https:\/\/plus.palafrugell.cat\/es\/wp-json\/wp\/v2\/media?parent=206"}],"curies":[{"name":"wp","href":"https:\/\/api.w.org\/{rel}","templated":true}]}}